{"id":871,"date":"2016-01-22T17:57:54","date_gmt":"2016-01-22T16:57:54","guid":{"rendered":"http:\/\/www.ortho-info.com\/?page_id=871"},"modified":"2016-01-30T19:11:40","modified_gmt":"2016-01-30T18:11:40","slug":"prothese-du-genou-ambulatoire","status":"publish","type":"page","link":"https:\/\/www.ortho-info.com\/?page_id=871","title":{"rendered":"Proth\u00e8se du genou ambulatoire"},"content":{"rendered":"<p style=\"text-align: center;\">Oubliez vos pr\u00e9jug\u00e9s sur la proth\u00e8se du genou !<\/p>\n<p>Pour nos patients jeunes et actifs, nous proposons d\u00e9sormais syst\u00e9matiquement une<strong> chirurgie ambulatoire<\/strong>, dont le but essentiel est l&rsquo;obtention plus vite d&rsquo;un r\u00e9sultat fonctionnel meilleur. Tout comme nos confr\u00e8res qui r\u00e9alisent ces interventions de par le monde, nous avons constat\u00e9 de bien meilleurs r\u00e9sultats fonctionnels par ces process chirurgicaux de R\u00e9cup\u00e9ration rapide Apr\u00e8s Chirurgie (RRAC).<\/p>\n<p>voyez l&rsquo;exp\u00e9rience de notre confr\u00e8re alsacien qui f\u00fbt \u00e0 l&rsquo;honneur d&rsquo;un reportage sur France 2 en avril 2014<\/p>\n<h2>reportage sur France 2<br \/>\n<iframe loading=\"lazy\" src=\"https:\/\/www.youtube.com\/embed\/_722rJUnw0w?rel=0\" width=\"853\" height=\"480\" frameborder=\"0\" allowfullscreen=\"allowfullscreen\"><\/iframe><\/h2>\n<h2>d\u00e9tails plus techniques du process op\u00e9ratoire<br \/>\n<iframe loading=\"lazy\" src=\"https:\/\/www.youtube.com\/embed\/JNVXPJ0XADM?rel=0\" width=\"640\" height=\"480\" frameborder=\"0\" allowfullscreen=\"allowfullscreen\"><\/iframe><\/h2>\n<h2>T\u00e9moignages<\/h2>\n<h3>T\u00e9moignage sans modification de Mr Jean-Pierre C., ayant b\u00e9n\u00e9fici\u00e9 en 2015 d&rsquo;une PTG ambulatoire:<\/h3>\n<div>\u00ab\u00a0Ayant des soucis depuis longtemps avec mon genou gauche, j&rsquo; ai consult\u00e9 le Dr. Mallet. Apr\u00e8s une athroscopie\u00a0qui n&rsquo; a pas donn\u00e9 de r\u00e9sultat, il a\u00a0\u00e9t\u00e9 convenu de\u00a0faire une PTG; Ayant horreur des cliniques et n&rsquo; \u00e9tant pas s\u00fbr \u00a0d&rsquo; avoir une chambre seul, j&rsquo; h\u00e9sitais de me faire\u00a0op\u00e9rer. Le Dr. Mallet\u00a0 m&rsquo; a propos\u00e9 une op\u00e9ration en ambulatoire ce que j&rsquo; ai accept\u00e9 de suite. Le Dr.\u00a0a demand\u00e9 \u00e0 mon \u00e9pouse si elle \u00e9tait d&rsquo; accord, car sans elle \u00a0cela ne pourrait\u00a0\u00a0\u00eatre \u00a0possible ,<\/div>\n<div>car la premi\u00e8re semaine nous avons besoin d&rsquo; aide ( pour se laver et s&rsquo; habiller notamment).<\/div>\n<div>Arriv\u00e9 vers 7 heures du matin le 15 avril 2015, j&rsquo; ai \u00e9t\u00e9 pris en charge de suite par du personnel tr\u00e8s comp\u00e9tent.<\/div>\n<div>De retour dans ma chambre vers\u00a014h, le r\u00e9veil ne m&rsquo; a pos\u00e9\u00a0\u00a0aucun probl\u00e8me et l&rsquo; infirmi\u00e8re m&rsquo; a fait lever dans l&rsquo; apr\u00e8s midi sans grosses douleurs la morphine faisant effet .<\/div>\n<div>En toute fin de journ\u00e9e je suis rentr\u00e9s chez moi en ambulance et je me suis couch\u00e9.<\/div>\n<div>Ayant mal la nuit j&rsquo; ai pris un cachet de Morphine.<\/div>\n<div>Le lendemain et pendant quelques jours j&rsquo; ai pris des anti-douleurs, mais je dois dire que la douleur \u00e0 \u00e9t\u00e9 tr\u00e8s supportable.<\/div>\n<div>Pour les soins:<\/div>\n<ul>\n<li>Infirmi\u00e8res \u00e0 domicile pendant environ 1 mois (\u00a0 jusque \u00e0 l&rsquo; ablation des points ) au d\u00e9but tous les jours et\u00a0plus espac\u00e9\u00a0en suite.<\/li>\n<li>kin\u00e9sith\u00e9rapeute\u00a0\u00e0 domicile pendant 5 jours et au cabinet apr\u00e8s.<\/li>\n<\/ul>\n<div>En conclusions :<\/div>\n<ul>\n<li>Je pense que le fait de rentrer chez soi aide beaucoup \u00e0 la gu\u00e9rison ( confort et moral )<\/li>\n<li>Une journ\u00e9e d&rsquo; hospitalisation au lieu d&rsquo; une semaine.<\/li>\n<li>Il est imp\u00e9ratif de bien pr\u00e9voir avant l&rsquo; op\u00e9ration les infirmi\u00e8res et les kin\u00e9s<\/li>\n<\/ul>\n<div>Et pour terminer j&rsquo; ai trouv\u00e9 tout le personnel tr\u00e8s agr\u00e9able \u00a0et surtout tr\u00e8s comp\u00e9tent.<\/div>\n<div><\/div>\n<div>Il ne faut pas oublier le Dr. Mallet qui \u00e0 \u00e9t\u00e9 \u00e0 mon \u00e9coute en permanence, par t\u00e9l\u00e9phone et mail journali\u00e8rement.<\/div>\n<div>Si il faut me faire l&rsquo; autre genou je ferais la m\u00eame chose.\u00a0\u00bb<\/div>\n<div><\/div>\n<div><\/div>\n<div><\/div>\n<h3>T\u00e9moignage de Mme Dominique C., l&rsquo;\u00e9pouse de Mr Jean-Pierre C.:<\/h3>\n<div>\u00a0\u00bb Lors\u00a0 de notre visite chez le Dr mallet\u00a0 pour fixer l&rsquo;intervention d&rsquo;une PTG , il\u00a0 nous\u00a0 a propos\u00e9 , apr\u00e8s\u00a0 discussion , cette op\u00e9ration\u00a0 en\u00a0 ambulatoire. Bien\u00a0 s\u00fbr\u00a0 nous\u00a0 avons\u00a0 tout\u00a0 de\u00a0 suite\u00a0 accept\u00e9. Je\u00a0 savais\u00a0 qu&rsquo;il\u00a0 faudrait\u00a0 \u00eatre\u00a0 vigilante les\u00a0 premiers\u00a0 jours et ne pas avoir les\u00a0 deux pieds\u00a0 dans\u00a0 le m\u00eame sabot ! Mais quel joie pour mon mari d&rsquo;\u00eatre\u00a0\u00a0 dans\u00a0 son lit et son environnement, plut\u00f4t qu&rsquo;une\u00a0 semaine \u00e0 la\u00a0 clinique\u00a0 m\u00eame\u00a0 si\u00a0 cette\u00a0 derni\u00e8re est au top.<br \/>\nJe pense\u00a0 que\u00a0 pour le moral c&rsquo;est important. Et pour moi d&rsquo;\u00e9viter\u00a0 les\u00a0 allez-retour tous les jours \u00e0 Orange pendant une\u00a0 semaine !!<br \/>\nTout\u00a0 s&rsquo;est tr\u00e8s bien\u00a0 pass\u00e9,\u00a0 infirmi\u00e8res,\u00a0 kin\u00e9 et\u00a0 &#8230; l&rsquo;\u00e9pouse !<br \/>\nJe\u00a0 conseille \u00e0\u00a0 tout le monde l&rsquo;intervention\u00a0 en ambulatoire dans\u00a0 la mesure\u00a0 du possible\u00a0 bien s\u00fbr<br \/>\nMerci Monsieur Mallet\u00a0 d&rsquo;une\u00a0 telle\u00a0 initiative si\u00a0 c&rsquo;est \u00e0\u00a0 refaire\u00a0\u00a0 nous\u00a0 le\u00a0 referons.\u00a0\u00bb<\/div>\n","protected":false},"excerpt":{"rendered":"<p>Oubliez vos pr\u00e9jug\u00e9s sur la proth\u00e8se du genou ! Pour nos patients jeunes et actifs, nous proposons d\u00e9sormais syst\u00e9matiquement une chirurgie ambulatoire, dont le but essentiel est l&rsquo;obtention plus vite d&rsquo;un r\u00e9sultat fonctionnel meilleur. Tout comme nos confr\u00e8res qui r\u00e9alisent ces interventions de par le monde, nous avons constat\u00e9 de bien meilleurs r\u00e9sultats fonctionnels par &#8230; <a title=\"Proth\u00e8se du genou ambulatoire\" class=\"read-more\" href=\"https:\/\/www.ortho-info.com\/?page_id=871\" aria-label=\"En savoir plus sur Proth\u00e8se du genou ambulatoire\">Lire la suite<\/a><\/p>\n","protected":false},"author":1,"featured_media":0,"parent":31,"menu_order":0,"comment_status":"closed","ping_status":"closed","template":"","meta":{"footnotes":""},"class_list":["post-871","page","type-page","status-publish"],"_links":{"self":[{"href":"https:\/\/www.ortho-info.com\/index.php?rest_route=\/wp\/v2\/pages\/871","targetHints":{"allow":["GET"]}}],"collection":[{"href":"https:\/\/www.ortho-info.com\/index.php?rest_route=\/wp\/v2\/pages"}],"about":[{"href":"https:\/\/www.ortho-info.com\/index.php?rest_route=\/wp\/v2\/types\/page"}],"author":[{"embeddable":true,"href":"https:\/\/www.ortho-info.com\/index.php?rest_route=\/wp\/v2\/users\/1"}],"replies":[{"embeddable":true,"href":"https:\/\/www.ortho-info.com\/index.php?rest_route=%2Fwp%2Fv2%2Fcomments&post=871"}],"version-history":[{"count":7,"href":"https:\/\/www.ortho-info.com\/index.php?rest_route=\/wp\/v2\/pages\/871\/revisions"}],"predecessor-version":[{"id":881,"href":"https:\/\/www.ortho-info.com\/index.php?rest_route=\/wp\/v2\/pages\/871\/revisions\/881"}],"up":[{"embeddable":true,"href":"https:\/\/www.ortho-info.com\/index.php?rest_route=\/wp\/v2\/pages\/31"}],"wp:attachment":[{"href":"https:\/\/www.ortho-info.com\/index.php?rest_route=%2Fwp%2Fv2%2Fmedia&parent=871"}],"curies":[{"name":"wp","href":"https:\/\/api.w.org\/{rel}","templated":true}]}}